{"id":10,"date":"2015-09-24T18:14:45","date_gmt":"2015-09-24T18:14:45","guid":{"rendered":"http:\/\/web.birgitmathe.de\/?page_id=10"},"modified":"2025-07-28T13:10:35","modified_gmt":"2025-07-28T13:10:35","slug":"referenzen","status":"publish","type":"page","link":"http:\/\/planungsbuero.birgitmathe.de\/?page_id=10","title":{"rendered":"Projekte"},"content":{"rendered":"<section id=\"builder-section-text_569\" class=\"builder-section-first builder-section builder-section-text builder-section-next-text builder-text-columns-3\" style=\"background-size: cover; background-repeat: no-repeat;background-position: center center;\">\n<h3 class=\"builder-text-section-title\">\n        Projekte    <\/h3>\n<div class=\"builder-section-content\">\n<div class=\"builder-text-row\">\n<div class=\"builder-text-column builder-text-column-1\" id=\"builder-section-text_569-column-1\">\n<div class=\"builder-text-content\">\n<p><a href=\"http:\/\/planungsbuero.birgitmathe.de\/?page_id=734\"><img loading=\"lazy\" decoding=\"async\" data-attachment-id=\"731\" data-permalink=\"http:\/\/planungsbuero.birgitmathe.de\/?attachment_id=731\" data-orig-file=\"http:\/\/planungsbuero.birgitmathe.de\/wp-content\/uploads\/2025\/07\/IMG_8506.jpg\" data-orig-size=\"1300,982\" data-comments-opened=\"0\" data-image-meta=\"{&quot;aperture&quot;:&quot;0&quot;,&quot;credit&quot;:&quot;&quot;,&quot;camera&quot;:&quot;&quot;,&quot;caption&quot;:&quot;&quot;,&quot;created_timestamp&quot;:&quot;0&quot;,&quot;copyright&quot;:&quot;&quot;,&quot;focal_length&quot;:&quot;0&quot;,&quot;iso&quot;:&quot;0&quot;,&quot;shutter_speed&quot;:&quot;0&quot;,&quot;title&quot;:&quot;&quot;,&quot;orientation&quot;:&quot;0&quot;}\" data-image-title=\"IMG_8506\" data-image-description=\"\" data-image-caption=\"\" data-medium-file=\"http:\/\/planungsbuero.birgitmathe.de\/wp-content\/uploads\/2025\/07\/IMG_8506-300x227.jpg\" data-large-file=\"http:\/\/planungsbuero.birgitmathe.de\/wp-content\/uploads\/2025\/07\/IMG_8506.jpg\" class=\"alignnone size-full wp-image-731\" src=\"http:\/\/planungsbuero.birgitmathe.de\/wp-content\/uploads\/2025\/07\/IMG_8506.jpg\" alt=\"\" width=\"1300\" height=\"982\" srcset=\"http:\/\/planungsbuero.birgitmathe.de\/wp-content\/uploads\/2025\/07\/IMG_8506.jpg 1300w, http:\/\/planungsbuero.birgitmathe.de\/wp-content\/uploads\/2025\/07\/IMG_8506-300x227.jpg 300w, http:\/\/planungsbuero.birgitmathe.de\/wp-content\/uploads\/2025\/07\/IMG_8506-768x580.jpg 768w\" sizes=\"auto, (max-width: 1300px) 100vw, 1300px\" \/><\/a>Wohnhaus mit Blick \u00fcber Michelstadt. Erweiterung und Neugestaltung der Privatr\u00e4ume.<\/p>\n<\/p><\/div>\n<\/p><\/div>\n<div class=\"builder-text-column builder-text-column-2\" id=\"builder-section-text_569-column-2\">\n<div class=\"builder-text-content\">\n\t\t\t\t\t\t\t\t\t\t\t<\/div>\n<\/p><\/div>\n<div class=\"builder-text-column builder-text-column-3\" id=\"builder-section-text_569-column-3\">\n<div class=\"builder-text-content\">\n\t\t\t\t\t\t\t\t\t\t\t<\/div>\n<\/p><\/div>\n<\/p><\/div>\n<\/p><\/div>\n<\/section>\n<section id=\"builder-section-text_483\" class=\"builder-section-prev-text builder-section builder-section-text builder-section-next-text builder-text-columns-3\" style=\"background-size: cover; background-repeat: no-repeat;background-position: center center;\">\n<div class=\"builder-section-content\">\n<div class=\"builder-text-row\">\n<div class=\"builder-text-column builder-text-column-1\" id=\"builder-section-text_483-column-1\">\n<div class=\"builder-text-content\">\n<p><a href=\"http:\/\/planungsbuero.birgitmathe.de\/?page_id=636\"><img loading=\"lazy\" decoding=\"async\" data-attachment-id=\"641\" data-permalink=\"http:\/\/planungsbuero.birgitmathe.de\/?attachment_id=641\" data-orig-file=\"http:\/\/planungsbuero.birgitmathe.de\/wp-content\/uploads\/2024\/04\/IMG_5806.jpg\" data-orig-size=\"1300,975\" data-comments-opened=\"0\" data-image-meta=\"{&quot;aperture&quot;:&quot;0&quot;,&quot;credit&quot;:&quot;&quot;,&quot;camera&quot;:&quot;&quot;,&quot;caption&quot;:&quot;&quot;,&quot;created_timestamp&quot;:&quot;0&quot;,&quot;copyright&quot;:&quot;&quot;,&quot;focal_length&quot;:&quot;0&quot;,&quot;iso&quot;:&quot;0&quot;,&quot;shutter_speed&quot;:&quot;0&quot;,&quot;title&quot;:&quot;&quot;,&quot;orientation&quot;:&quot;0&quot;}\" data-image-title=\"IMG_5806\" data-image-description=\"\" data-image-caption=\"\" data-medium-file=\"http:\/\/planungsbuero.birgitmathe.de\/wp-content\/uploads\/2024\/04\/IMG_5806-300x225.jpg\" data-large-file=\"http:\/\/planungsbuero.birgitmathe.de\/wp-content\/uploads\/2024\/04\/IMG_5806.jpg\" class=\"alignnone size-full wp-image-641\" src=\"http:\/\/planungsbuero.birgitmathe.de\/wp-content\/uploads\/2024\/04\/IMG_5806.jpg\" alt=\"\" width=\"1300\" height=\"975\" srcset=\"http:\/\/planungsbuero.birgitmathe.de\/wp-content\/uploads\/2024\/04\/IMG_5806.jpg 1300w, http:\/\/planungsbuero.birgitmathe.de\/wp-content\/uploads\/2024\/04\/IMG_5806-300x225.jpg 300w, http:\/\/planungsbuero.birgitmathe.de\/wp-content\/uploads\/2024\/04\/IMG_5806-768x576.jpg 768w\" sizes=\"auto, (max-width: 1300px) 100vw, 1300px\" \/><\/a>KiTa in Seckmauern<\/p>\n<\/p><\/div>\n<\/p><\/div>\n<div class=\"builder-text-column builder-text-column-2\" id=\"builder-section-text_483-column-2\">\n<div class=\"builder-text-content\">\n\t\t\t\t\t\t\t\t\t\t\t<\/div>\n<\/p><\/div>\n<div class=\"builder-text-column builder-text-column-3\" id=\"builder-section-text_483-column-3\">\n<div class=\"builder-text-content\">\n\t\t\t\t\t\t\t\t\t\t\t<\/div>\n<\/p><\/div>\n<\/p><\/div>\n<\/p><\/div>\n<\/section>\n<section id=\"builder-section-text_320\" class=\"builder-section-prev-text builder-section builder-section-text builder-section-next-text builder-text-columns-3\" style=\"background-size: cover; background-repeat: no-repeat;background-position: center center;\">\n<div class=\"builder-section-content\">\n<div class=\"builder-text-row\">\n<div class=\"builder-text-column builder-text-column-1\" id=\"builder-section-text_320-column-1\">\n<div class=\"builder-text-content\">\n<p style=\"text-align: left;\"><a href=\"http:\/\/planungsbuero.birgitmathe.de\/?page_id=478\"><img loading=\"lazy\" decoding=\"async\" data-attachment-id=\"456\" data-permalink=\"http:\/\/planungsbuero.birgitmathe.de\/?attachment_id=456\" data-orig-file=\"http:\/\/planungsbuero.birgitmathe.de\/wp-content\/uploads\/2021\/04\/essen_unten_5-1.jpg\" data-orig-size=\"1300,867\" data-comments-opened=\"0\" data-image-meta=\"{&quot;aperture&quot;:&quot;5.6&quot;,&quot;credit&quot;:&quot;FREYGEIST.ANNIKA FREY&quot;,&quot;camera&quot;:&quot;Canon EOS 80D&quot;,&quot;caption&quot;:&quot;&quot;,&quot;created_timestamp&quot;:&quot;1638900864&quot;,&quot;copyright&quot;:&quot;&quot;,&quot;focal_length&quot;:&quot;18&quot;,&quot;iso&quot;:&quot;200&quot;,&quot;shutter_speed&quot;:&quot;0.3&quot;,&quot;title&quot;:&quot;&quot;,&quot;orientation&quot;:&quot;0&quot;}\" data-image-title=\"essen_unten_5\" data-image-description=\"\" data-image-caption=\"\" data-medium-file=\"http:\/\/planungsbuero.birgitmathe.de\/wp-content\/uploads\/2021\/04\/essen_unten_5-1-300x200.jpg\" data-large-file=\"http:\/\/planungsbuero.birgitmathe.de\/wp-content\/uploads\/2021\/04\/essen_unten_5-1.jpg\" class=\"alignnone size-full wp-image-456\" src=\"http:\/\/planungsbuero.birgitmathe.de\/wp-content\/uploads\/2021\/04\/essen_unten_5-1.jpg\" alt=\"\" width=\"1300\" height=\"867\" srcset=\"http:\/\/planungsbuero.birgitmathe.de\/wp-content\/uploads\/2021\/04\/essen_unten_5-1.jpg 1300w, http:\/\/planungsbuero.birgitmathe.de\/wp-content\/uploads\/2021\/04\/essen_unten_5-1-300x200.jpg 300w, http:\/\/planungsbuero.birgitmathe.de\/wp-content\/uploads\/2021\/04\/essen_unten_5-1-768x512.jpg 768w\" sizes=\"auto, (max-width: 1300px) 100vw, 1300px\" \/><\/a><br \/>Boarding House &#8222;Adlerlodge&#8220;, Michelstadt<\/p>\n<\/p><\/div>\n<\/p><\/div>\n<div class=\"builder-text-column builder-text-column-2\" id=\"builder-section-text_320-column-2\">\n<div class=\"builder-text-content\">\n\t\t\t\t\t\t\t\t\t\t\t<\/div>\n<\/p><\/div>\n<div class=\"builder-text-column builder-text-column-3\" id=\"builder-section-text_320-column-3\">\n<div class=\"builder-text-content\">\n\t\t\t\t\t\t\t\t\t\t\t<\/div>\n<\/p><\/div>\n<\/p><\/div>\n<\/p><\/div>\n<\/section>\n<section id=\"builder-section-text_458\" class=\"builder-section-prev-text builder-section builder-section-text builder-section-next-text builder-text-columns-3\" style=\"background-size: cover; background-repeat: no-repeat;background-position: center center;\">\n<div class=\"builder-section-content\">\n<div class=\"builder-text-row\">\n<div class=\"builder-text-column builder-text-column-1\" id=\"builder-section-text_458-column-1\">\n<div class=\"builder-text-content\">\n<p><a href=\"http:\/\/planungsbuero.birgitmathe.de\/?page_id=616\"><img loading=\"lazy\" decoding=\"async\" data-attachment-id=\"591\" data-permalink=\"http:\/\/planungsbuero.birgitmathe.de\/?attachment_id=591\" data-orig-file=\"http:\/\/planungsbuero.birgitmathe.de\/wp-content\/uploads\/2023\/02\/08_IMG_2977.jpg\" data-orig-size=\"1300,1008\" data-comments-opened=\"0\" data-image-meta=\"{&quot;aperture&quot;:&quot;0&quot;,&quot;credit&quot;:&quot;&quot;,&quot;camera&quot;:&quot;&quot;,&quot;caption&quot;:&quot;&quot;,&quot;created_timestamp&quot;:&quot;0&quot;,&quot;copyright&quot;:&quot;&quot;,&quot;focal_length&quot;:&quot;0&quot;,&quot;iso&quot;:&quot;0&quot;,&quot;shutter_speed&quot;:&quot;0&quot;,&quot;title&quot;:&quot;&quot;,&quot;orientation&quot;:&quot;0&quot;}\" data-image-title=\"08_IMG_2977\" data-image-description=\"\" data-image-caption=\"\" data-medium-file=\"http:\/\/planungsbuero.birgitmathe.de\/wp-content\/uploads\/2023\/02\/08_IMG_2977-300x233.jpg\" data-large-file=\"http:\/\/planungsbuero.birgitmathe.de\/wp-content\/uploads\/2023\/02\/08_IMG_2977.jpg\" class=\"alignnone size-full wp-image-591\" src=\"http:\/\/planungsbuero.birgitmathe.de\/wp-content\/uploads\/2023\/02\/08_IMG_2977.jpg\" alt=\"\" width=\"1300\" height=\"1008\" srcset=\"http:\/\/planungsbuero.birgitmathe.de\/wp-content\/uploads\/2023\/02\/08_IMG_2977.jpg 1300w, http:\/\/planungsbuero.birgitmathe.de\/wp-content\/uploads\/2023\/02\/08_IMG_2977-300x233.jpg 300w, http:\/\/planungsbuero.birgitmathe.de\/wp-content\/uploads\/2023\/02\/08_IMG_2977-768x595.jpg 768w\" sizes=\"auto, (max-width: 1300px) 100vw, 1300px\" \/><\/a>KiTa in Wald-Michelbach<\/p>\n<\/p><\/div>\n<\/p><\/div>\n<div class=\"builder-text-column builder-text-column-2\" id=\"builder-section-text_458-column-2\">\n<div class=\"builder-text-content\">\n\t\t\t\t\t\t\t\t\t\t\t<\/div>\n<\/p><\/div>\n<div class=\"builder-text-column builder-text-column-3\" id=\"builder-section-text_458-column-3\">\n<div class=\"builder-text-content\">\n\t\t\t\t\t\t\t\t\t\t\t<\/div>\n<\/p><\/div>\n<\/p><\/div>\n<\/p><\/div>\n<\/section>\n<section id=\"builder-section-text_392\" class=\"builder-section-prev-text builder-section builder-section-text builder-section-next-text builder-text-columns-3\" style=\"background-size: cover; background-repeat: no-repeat;background-position: center center;\">\n<div class=\"builder-section-content\">\n<div class=\"builder-text-row\">\n<div class=\"builder-text-column builder-text-column-1\" id=\"builder-section-text_392-column-1\">\n<div class=\"builder-text-content\">\n<p><a href=\"http:\/\/planungsbuero.birgitmathe.de\/?page_id=551\"><img loading=\"lazy\" decoding=\"async\" data-attachment-id=\"531\" data-permalink=\"http:\/\/planungsbuero.birgitmathe.de\/?attachment_id=531\" data-orig-file=\"http:\/\/planungsbuero.birgitmathe.de\/wp-content\/uploads\/2021\/07\/APC_0675.jpg\" data-orig-size=\"1300,975\" data-comments-opened=\"0\" data-image-meta=\"{&quot;aperture&quot;:&quot;0&quot;,&quot;credit&quot;:&quot;&quot;,&quot;camera&quot;:&quot;&quot;,&quot;caption&quot;:&quot;&quot;,&quot;created_timestamp&quot;:&quot;1603141009&quot;,&quot;copyright&quot;:&quot;&quot;,&quot;focal_length&quot;:&quot;0&quot;,&quot;iso&quot;:&quot;0&quot;,&quot;shutter_speed&quot;:&quot;0&quot;,&quot;title&quot;:&quot;&quot;,&quot;orientation&quot;:&quot;0&quot;}\" data-image-title=\"APC_0675\" data-image-description=\"\" data-image-caption=\"\" data-medium-file=\"http:\/\/planungsbuero.birgitmathe.de\/wp-content\/uploads\/2021\/07\/APC_0675-300x225.jpg\" data-large-file=\"http:\/\/planungsbuero.birgitmathe.de\/wp-content\/uploads\/2021\/07\/APC_0675.jpg\" class=\"alignnone size-full wp-image-531\" src=\"http:\/\/planungsbuero.birgitmathe.de\/wp-content\/uploads\/2021\/07\/APC_0675.jpg\" alt=\"\" width=\"1300\" height=\"975\" srcset=\"http:\/\/planungsbuero.birgitmathe.de\/wp-content\/uploads\/2021\/07\/APC_0675.jpg 1300w, http:\/\/planungsbuero.birgitmathe.de\/wp-content\/uploads\/2021\/07\/APC_0675-300x225.jpg 300w, http:\/\/planungsbuero.birgitmathe.de\/wp-content\/uploads\/2021\/07\/APC_0675-768x576.jpg 768w\" sizes=\"auto, (max-width: 1300px) 100vw, 1300px\" \/><\/a>KiTa in Schaafheim<\/p>\n<\/p><\/div>\n<\/p><\/div>\n<div class=\"builder-text-column builder-text-column-2\" id=\"builder-section-text_392-column-2\">\n<div class=\"builder-text-content\">\n\t\t\t\t\t\t\t\t\t\t\t<\/div>\n<\/p><\/div>\n<div class=\"builder-text-column builder-text-column-3\" id=\"builder-section-text_392-column-3\">\n<div class=\"builder-text-content\">\n\t\t\t\t\t\t\t\t\t\t\t<\/div>\n<\/p><\/div>\n<\/p><\/div>\n<\/p><\/div>\n<\/section>\n<section id=\"builder-section-text_346\" class=\"builder-section-prev-text builder-section builder-section-text builder-section-next-text builder-text-columns-3\" style=\"background-size: cover; background-repeat: no-repeat;background-position: center center;\">\n<div class=\"builder-section-content\">\n<div class=\"builder-text-row\">\n<div class=\"builder-text-column builder-text-column-1\" id=\"builder-section-text_346-column-1\">\n<div class=\"builder-text-content\">\n<p><a href=\"http:\/\/planungsbuero.birgitmathe.de\/?page_id=516\"><img loading=\"lazy\" decoding=\"async\" data-attachment-id=\"506\" data-permalink=\"http:\/\/planungsbuero.birgitmathe.de\/?attachment_id=506\" data-orig-file=\"http:\/\/planungsbuero.birgitmathe.de\/wp-content\/uploads\/2021\/04\/15_Wohnzimmer.jpg\" data-orig-size=\"1300,867\" data-comments-opened=\"0\" data-image-meta=\"{&quot;aperture&quot;:&quot;2.8&quot;,&quot;credit&quot;:&quot;&quot;,&quot;camera&quot;:&quot;DMC-FZ18&quot;,&quot;caption&quot;:&quot;&quot;,&quot;created_timestamp&quot;:&quot;1555344480&quot;,&quot;copyright&quot;:&quot;&quot;,&quot;focal_length&quot;:&quot;4.6&quot;,&quot;iso&quot;:&quot;400&quot;,&quot;shutter_speed&quot;:&quot;0.066666666666667&quot;,&quot;title&quot;:&quot;&quot;,&quot;orientation&quot;:&quot;0&quot;}\" data-image-title=\"15_Wohnzimmer\" data-image-description=\"&lt;p&gt;Zeithaus&lt;\/p&gt;\n\" data-image-caption=\"\" data-medium-file=\"http:\/\/planungsbuero.birgitmathe.de\/wp-content\/uploads\/2021\/04\/15_Wohnzimmer-300x200.jpg\" data-large-file=\"http:\/\/planungsbuero.birgitmathe.de\/wp-content\/uploads\/2021\/04\/15_Wohnzimmer.jpg\" class=\"alignnone size-full wp-image-506\" src=\"http:\/\/planungsbuero.birgitmathe.de\/wp-content\/uploads\/2021\/04\/15_Wohnzimmer.jpg\" alt=\"\" width=\"1300\" height=\"867\" srcset=\"http:\/\/planungsbuero.birgitmathe.de\/wp-content\/uploads\/2021\/04\/15_Wohnzimmer.jpg 1300w, http:\/\/planungsbuero.birgitmathe.de\/wp-content\/uploads\/2021\/04\/15_Wohnzimmer-300x200.jpg 300w, http:\/\/planungsbuero.birgitmathe.de\/wp-content\/uploads\/2021\/04\/15_Wohnzimmer-768x512.jpg 768w\" sizes=\"auto, (max-width: 1300px) 100vw, 1300px\" \/><\/a><\/p>\n<p>Boarding House &#8222;ZEITHaus&#8220;, Gro\u00df-Umstadt<\/p>\n<\/p><\/div>\n<\/p><\/div>\n<div class=\"builder-text-column builder-text-column-2\" id=\"builder-section-text_346-column-2\">\n<div class=\"builder-text-content\">\n\t\t\t\t\t\t\t\t\t\t\t<\/div>\n<\/p><\/div>\n<div class=\"builder-text-column builder-text-column-3\" id=\"builder-section-text_346-column-3\">\n<div class=\"builder-text-content\">\n\t\t\t\t\t\t\t\t\t\t\t<\/div>\n<\/p><\/div>\n<\/p><\/div>\n<\/p><\/div>\n<\/section>\n<section id=\"builder-section-text_260\" class=\"builder-section-prev-text builder-section builder-section-text builder-section-next-text builder-text-columns-3\" style=\"background-size: cover; background-repeat: no-repeat;background-position: center center;\">\n<div class=\"builder-section-content\">\n<div class=\"builder-text-row\">\n<div class=\"builder-text-column builder-text-column-1\" id=\"builder-section-text_260-column-1\">\n<div class=\"builder-text-content\">\n<p><a href=\"http:\/\/web.birgitmathe.de\/?page_id=317\"><img loading=\"lazy\" decoding=\"async\" class=\"wp-image-304 alignleft\" src=\"http:\/\/web.birgitmathe.de\/wp-content\/uploads\/2018\/07\/IMG_1155.jpg\" alt=\"\" width=\"642\" height=\"428\" \/><\/a>KiGa in Rimbach<\/p>\n<\/p><\/div>\n<\/p><\/div>\n<div class=\"builder-text-column builder-text-column-2\" id=\"builder-section-text_260-column-2\">\n<div class=\"builder-text-content\">\n\t\t\t\t\t\t\t\t\t\t\t<\/div>\n<\/p><\/div>\n<div class=\"builder-text-column builder-text-column-3\" id=\"builder-section-text_260-column-3\">\n<div class=\"builder-text-content\">\n\t\t\t\t\t\t\t\t\t\t\t<\/div>\n<\/p><\/div>\n<\/p><\/div>\n<\/p><\/div>\n<\/section>\n<section id=\"builder-section-text_254\" class=\"builder-section-prev-text builder-section builder-section-text builder-section-next-text builder-text-columns-3\" style=\"background-size: cover; background-repeat: no-repeat;background-position: center center;\">\n<div class=\"builder-section-content\">\n<div class=\"builder-text-row\">\n<div class=\"builder-text-column builder-text-column-1\" id=\"builder-section-text_254-column-1\">\n<div class=\"builder-text-content\">\n<p><a href=\"http:\/\/web.birgitmathe.de\/?page_id=98\"><img loading=\"lazy\" decoding=\"async\" data-attachment-id=\"87\" data-permalink=\"http:\/\/planungsbuero.birgitmathe.de\/?attachment_id=87\" data-orig-file=\"http:\/\/planungsbuero.birgitmathe.de\/wp-content\/uploads\/2015\/12\/KiTa-Fu-Ba-EGO-300-dpi-8.jpg\" data-orig-size=\"1373,917\" data-comments-opened=\"0\" data-image-meta=\"{&quot;aperture&quot;:&quot;0&quot;,&quot;credit&quot;:&quot;Udo Glaser&quot;,&quot;camera&quot;:&quot;&quot;,&quot;caption&quot;:&quot;&quot;,&quot;created_timestamp&quot;:&quot;0&quot;,&quot;copyright&quot;:&quot;Foto: Udo Glaser  http:\\\/\\\/www.odenwald-fotografie.de\\\/&quot;,&quot;focal_length&quot;:&quot;0&quot;,&quot;iso&quot;:&quot;0&quot;,&quot;shutter_speed&quot;:&quot;0&quot;,&quot;title&quot;:&quot;&quot;,&quot;orientation&quot;:&quot;1&quot;}\" data-image-title=\"KiTa Fu Ba EGO 300 dpi-8\" data-image-description=\"\" data-image-caption=\"\" data-medium-file=\"http:\/\/planungsbuero.birgitmathe.de\/wp-content\/uploads\/2015\/12\/KiTa-Fu-Ba-EGO-300-dpi-8-300x200.jpg\" data-large-file=\"http:\/\/planungsbuero.birgitmathe.de\/wp-content\/uploads\/2015\/12\/KiTa-Fu-Ba-EGO-300-dpi-8.jpg\" class=\"alignnone size-full wp-image-87\" src=\"http:\/\/web.birgitmathe.de\/wp-content\/uploads\/2015\/12\/KiTa-Fu-Ba-EGO-300-dpi-8.jpg\" alt=\"\" width=\"1373\" height=\"917\" srcset=\"http:\/\/planungsbuero.birgitmathe.de\/wp-content\/uploads\/2015\/12\/KiTa-Fu-Ba-EGO-300-dpi-8.jpg 1373w, http:\/\/planungsbuero.birgitmathe.de\/wp-content\/uploads\/2015\/12\/KiTa-Fu-Ba-EGO-300-dpi-8-300x200.jpg 300w\" sizes=\"auto, (max-width: 1373px) 100vw, 1373px\" \/><\/a>Kindertagesst\u00e4tte &#8222;Fuchsbau&#8220;, <br \/>Offenbach<\/p>\n<\/p><\/div>\n<\/p><\/div>\n<div class=\"builder-text-column builder-text-column-2\" id=\"builder-section-text_254-column-2\">\n<div class=\"builder-text-content\">\n\t\t\t\t\t\t\t\t\t\t\t<\/div>\n<\/p><\/div>\n<div class=\"builder-text-column builder-text-column-3\" id=\"builder-section-text_254-column-3\">\n<div class=\"builder-text-content\">\n\t\t\t\t\t\t\t\t\t\t\t<\/div>\n<\/p><\/div>\n<\/p><\/div>\n<\/p><\/div>\n<\/section>\n<section id=\"builder-section-1451475213100\" class=\"builder-section-prev-text builder-section builder-section-text builder-section-next-text builder-text-columns-3\" style=\"background-repeat: repeat;background-position: center center;\">\n<div class=\"builder-section-content\">\n<div class=\"builder-text-row\">\n<div class=\"builder-text-column builder-text-column-1\" id=\"builder-section-1451475213100-column-1\">\n<div class=\"builder-text-content\">\n<p><a href=\"http:\/\/web.birgitmathe.de\/?page_id=139\"><img loading=\"lazy\" decoding=\"async\" data-attachment-id=\"137\" data-permalink=\"http:\/\/planungsbuero.birgitmathe.de\/?attachment_id=137\" data-orig-file=\"http:\/\/planungsbuero.birgitmathe.de\/wp-content\/uploads\/2015\/09\/KiTa-Fu-Ba-EGO-300-dpi-16.jpg\" data-orig-size=\"1444,964\" data-comments-opened=\"0\" data-image-meta=\"{&quot;aperture&quot;:&quot;0&quot;,&quot;credit&quot;:&quot;Udo Glaser&quot;,&quot;camera&quot;:&quot;&quot;,&quot;caption&quot;:&quot;&quot;,&quot;created_timestamp&quot;:&quot;0&quot;,&quot;copyright&quot;:&quot;Foto: Udo Glaser  http:\\\/\\\/www.odenwald-fotografie.de\\\/&quot;,&quot;focal_length&quot;:&quot;0&quot;,&quot;iso&quot;:&quot;0&quot;,&quot;shutter_speed&quot;:&quot;0&quot;,&quot;title&quot;:&quot;&quot;,&quot;orientation&quot;:&quot;1&quot;}\" data-image-title=\"KiTa Fu Ba EGO 300 dpi-16\" data-image-description=\"\" data-image-caption=\"\" data-medium-file=\"http:\/\/planungsbuero.birgitmathe.de\/wp-content\/uploads\/2015\/09\/KiTa-Fu-Ba-EGO-300-dpi-16-300x200.jpg\" data-large-file=\"http:\/\/planungsbuero.birgitmathe.de\/wp-content\/uploads\/2015\/09\/KiTa-Fu-Ba-EGO-300-dpi-16.jpg\" class=\"size-full wp-image-137 alignleft\" src=\"http:\/\/web.birgitmathe.de\/wp-content\/uploads\/2015\/09\/KiTa-Fu-Ba-EGO-300-dpi-16.jpg\" width=\"1444\" height=\"964\" srcset=\"http:\/\/planungsbuero.birgitmathe.de\/wp-content\/uploads\/2015\/09\/KiTa-Fu-Ba-EGO-300-dpi-16.jpg 1444w, http:\/\/planungsbuero.birgitmathe.de\/wp-content\/uploads\/2015\/09\/KiTa-Fu-Ba-EGO-300-dpi-16-300x200.jpg 300w\" sizes=\"auto, (max-width: 1444px) 100vw, 1444px\" \/><\/a>Kindertagesst\u00e4tte &#8222;Waldh\u00fctte&#8220;, Offenbach<\/p>\n<\/p><\/div>\n<\/p><\/div>\n<div class=\"builder-text-column builder-text-column-2\" id=\"builder-section-1451475213100-column-2\">\n<div class=\"builder-text-content\">\n\t\t\t\t\t\t\t\t\t\t\t<\/div>\n<\/p><\/div>\n<div class=\"builder-text-column builder-text-column-3\" id=\"builder-section-1451475213100-column-3\">\n<div class=\"builder-text-content\">\n\t\t\t\t\t\t\t\t\t\t\t<\/div>\n<\/p><\/div>\n<\/p><\/div>\n<\/p><\/div>\n<\/section>\n<section id=\"builder-section-1451475239604\" class=\"builder-section-prev-text builder-section builder-section-text builder-section-next-text builder-text-columns-3\" style=\"background-repeat: repeat;background-position: center center;\">\n<div class=\"builder-section-content\">\n<div class=\"builder-text-row\">\n<div class=\"builder-text-column builder-text-column-1\" id=\"builder-section-1451475239604-column-1\">\n<div class=\"builder-text-content\">\n<p><a href=\"http:\/\/web.birgitmathe.de\/?page_id=120\"><img loading=\"lazy\" decoding=\"async\" data-attachment-id=\"117\" data-permalink=\"http:\/\/planungsbuero.birgitmathe.de\/?attachment_id=117\" data-orig-file=\"http:\/\/planungsbuero.birgitmathe.de\/wp-content\/uploads\/2015\/12\/wohnen_og1.jpg\" data-orig-size=\"1888,1259\" data-comments-opened=\"0\" data-image-meta=\"{&quot;aperture&quot;:&quot;7.1&quot;,&quot;credit&quot;:&quot;unknown&quot;,&quot;camera&quot;:&quot;Canon EOS 400D DIGITAL&quot;,&quot;caption&quot;:&quot;&quot;,&quot;created_timestamp&quot;:&quot;1435424110&quot;,&quot;copyright&quot;:&quot;FREYgeist,, Anniak Frey&quot;,&quot;focal_length&quot;:&quot;21&quot;,&quot;iso&quot;:&quot;100&quot;,&quot;shutter_speed&quot;:&quot;0.16666666666667&quot;,&quot;title&quot;:&quot;&quot;,&quot;orientation&quot;:&quot;1&quot;}\" data-image-title=\"wohnen_og1\" data-image-description=\"\" data-image-caption=\"\" data-medium-file=\"http:\/\/planungsbuero.birgitmathe.de\/wp-content\/uploads\/2015\/12\/wohnen_og1-300x200.jpg\" data-large-file=\"http:\/\/planungsbuero.birgitmathe.de\/wp-content\/uploads\/2015\/12\/wohnen_og1-1536x1024.jpg\" src=\"http:\/\/web.birgitmathe.de\/wp-content\/uploads\/2015\/12\/wohnen_og1.jpg\" width=\"1888\" height=\"1259\" class=\"alignnone size-full wp-image-117\" srcset=\"http:\/\/planungsbuero.birgitmathe.de\/wp-content\/uploads\/2015\/12\/wohnen_og1.jpg 1888w, http:\/\/planungsbuero.birgitmathe.de\/wp-content\/uploads\/2015\/12\/wohnen_og1-300x200.jpg 300w, http:\/\/planungsbuero.birgitmathe.de\/wp-content\/uploads\/2015\/12\/wohnen_og1-1536x1024.jpg 1536w\" sizes=\"auto, (max-width: 1888px) 100vw, 1888px\" \/><\/a>Boarding House &#8222;Adlerhorst&#8220;, Michelstadt<\/p>\n<\/p><\/div>\n<\/p><\/div>\n<div class=\"builder-text-column builder-text-column-2\" id=\"builder-section-1451475239604-column-2\">\n<div class=\"builder-text-content\">\n\t\t\t\t\t\t\t\t\t\t\t<\/div>\n<\/p><\/div>\n<div class=\"builder-text-column builder-text-column-3\" id=\"builder-section-1451475239604-column-3\">\n<div class=\"builder-text-content\">\n\t\t\t\t\t\t\t\t\t\t\t<\/div>\n<\/p><\/div>\n<\/p><\/div>\n<\/p><\/div>\n<\/section>\n<section id=\"builder-section-1480534782330\" class=\"builder-section-prev-text builder-section builder-section-text builder-section-next-text builder-text-columns-3\" style=\"background-repeat: repeat;background-position: center center;\">\n<div class=\"builder-section-content\">\n<div class=\"builder-text-row\">\n<div class=\"builder-text-column builder-text-column-1\" id=\"builder-section-1480534782330-column-1\">\n<div class=\"builder-text-content\">\n<p><a href=\"http:\/\/web.birgitmathe.de\/?page_id=201\"><img loading=\"lazy\" decoding=\"async\" data-attachment-id=\"205\" data-permalink=\"http:\/\/planungsbuero.birgitmathe.de\/?attachment_id=205\" data-orig-file=\"http:\/\/planungsbuero.birgitmathe.de\/wp-content\/uploads\/2016\/11\/9Z1A7376_web1.jpg\" data-orig-size=\"609,980\" data-comments-opened=\"0\" data-image-meta=\"{&quot;aperture&quot;:&quot;2.8&quot;,&quot;credit&quot;:&quot;&quot;,&quot;camera&quot;:&quot;Canon EOS 5D Mark III&quot;,&quot;caption&quot;:&quot;&quot;,&quot;created_timestamp&quot;:&quot;1453888436&quot;,&quot;copyright&quot;:&quot;&quot;,&quot;focal_length&quot;:&quot;16&quot;,&quot;iso&quot;:&quot;200&quot;,&quot;shutter_speed&quot;:&quot;0.033333333333333&quot;,&quot;title&quot;:&quot;&quot;,&quot;orientation&quot;:&quot;1&quot;}\" data-image-title=\"9z1a7376_web1\" data-image-description=\"\" data-image-caption=\"\" data-medium-file=\"http:\/\/planungsbuero.birgitmathe.de\/wp-content\/uploads\/2016\/11\/9Z1A7376_web1-186x300.jpg\" data-large-file=\"http:\/\/planungsbuero.birgitmathe.de\/wp-content\/uploads\/2016\/11\/9Z1A7376_web1.jpg\" src=\"http:\/\/web.birgitmathe.de\/wp-content\/uploads\/2016\/11\/9Z1A7376_web1.jpg\" width=\"609\" height=\"980\" class=\"alignnone size-full wp-image-205\" srcset=\"http:\/\/planungsbuero.birgitmathe.de\/wp-content\/uploads\/2016\/11\/9Z1A7376_web1.jpg 609w, http:\/\/planungsbuero.birgitmathe.de\/wp-content\/uploads\/2016\/11\/9Z1A7376_web1-186x300.jpg 186w\" sizes=\"auto, (max-width: 609px) 100vw, 609px\" \/><\/a>Badumbau mit Stauraum in der Wandverkleidung<\/p>\n<p>\u00a0<\/p>\n<\/p><\/div>\n<\/p><\/div>\n<div class=\"builder-text-column builder-text-column-2\" id=\"builder-section-1480534782330-column-2\">\n<div class=\"builder-text-content\">\n\t\t\t\t\t\t\t\t\t\t\t<\/div>\n<\/p><\/div>\n<div class=\"builder-text-column builder-text-column-3\" id=\"builder-section-1480534782330-column-3\">\n<div class=\"builder-text-content\">\n\t\t\t\t\t\t\t\t\t\t\t<\/div>\n<\/p><\/div>\n<\/p><\/div>\n<\/p><\/div>\n<\/section>\n<section id=\"builder-section-1480606580090\" class=\"builder-section-prev-text builder-section builder-section-text builder-section-next-text builder-text-columns-3\" style=\"background-repeat: repeat;background-position: center center;\">\n<div class=\"builder-section-content\">\n<div class=\"builder-text-row\">\n<div class=\"builder-text-column builder-text-column-1\" id=\"builder-section-1480606580090-column-1\">\n<div class=\"builder-text-content\">\n<p><a href=\"http:\/\/web.birgitmathe.de\/?page_id=222\"><img loading=\"lazy\" decoding=\"async\" data-attachment-id=\"220\" data-permalink=\"http:\/\/planungsbuero.birgitmathe.de\/?attachment_id=220\" data-orig-file=\"http:\/\/planungsbuero.birgitmathe.de\/wp-content\/uploads\/2016\/12\/Ober9Z1A7282_web1.jpg\" data-orig-size=\"667,980\" data-comments-opened=\"0\" data-image-meta=\"{&quot;aperture&quot;:&quot;2.8&quot;,&quot;credit&quot;:&quot;&quot;,&quot;camera&quot;:&quot;Canon EOS 5D Mark III&quot;,&quot;caption&quot;:&quot;&quot;,&quot;created_timestamp&quot;:&quot;1453885750&quot;,&quot;copyright&quot;:&quot;&quot;,&quot;focal_length&quot;:&quot;16&quot;,&quot;iso&quot;:&quot;100&quot;,&quot;shutter_speed&quot;:&quot;0.1&quot;,&quot;title&quot;:&quot;&quot;,&quot;orientation&quot;:&quot;1&quot;}\" data-image-title=\"ober9z1a7282_web1\" data-image-description=\"\" data-image-caption=\"\" data-medium-file=\"http:\/\/planungsbuero.birgitmathe.de\/wp-content\/uploads\/2016\/12\/Ober9Z1A7282_web1-204x300.jpg\" data-large-file=\"http:\/\/planungsbuero.birgitmathe.de\/wp-content\/uploads\/2016\/12\/Ober9Z1A7282_web1.jpg\" src=\"http:\/\/web.birgitmathe.de\/wp-content\/uploads\/2016\/12\/Ober9Z1A7282_web1.jpg\" width=\"667\" height=\"980\" class=\"alignnone size-full wp-image-220\" srcset=\"http:\/\/planungsbuero.birgitmathe.de\/wp-content\/uploads\/2016\/12\/Ober9Z1A7282_web1.jpg 667w, http:\/\/planungsbuero.birgitmathe.de\/wp-content\/uploads\/2016\/12\/Ober9Z1A7282_web1-204x300.jpg 204w\" sizes=\"auto, (max-width: 667px) 100vw, 667px\" \/><\/a>Neues f\u00fcr die K\u00fcche in Michelstadt<\/p>\n<p>\u00a0<\/p>\n<\/p><\/div>\n<\/p><\/div>\n<div class=\"builder-text-column builder-text-column-2\" id=\"builder-section-1480606580090-column-2\">\n<div class=\"builder-text-content\">\n\t\t\t\t\t\t\t\t\t\t\t<\/div>\n<\/p><\/div>\n<div class=\"builder-text-column builder-text-column-3\" id=\"builder-section-1480606580090-column-3\">\n<div class=\"builder-text-content\">\n\t\t\t\t\t\t\t\t\t\t\t<\/div>\n<\/p><\/div>\n<\/p><\/div>\n<\/p><\/div>\n<\/section>\n<section id=\"builder-section-1480608047126\" class=\"builder-section-prev-text builder-section builder-section-text builder-section-next-text builder-text-columns-3\" style=\"background-repeat: repeat;background-position: center center;\">\n<div class=\"builder-section-content\">\n<div class=\"builder-text-row\">\n<div class=\"builder-text-column builder-text-column-1\" id=\"builder-section-1480608047126-column-1\">\n<div class=\"builder-text-content\">\n<p><a href=\"http:\/\/web.birgitmathe.de\/?page_id=231\"><img loading=\"lazy\" decoding=\"async\" data-attachment-id=\"230\" data-permalink=\"http:\/\/planungsbuero.birgitmathe.de\/?attachment_id=230\" data-orig-file=\"http:\/\/planungsbuero.birgitmathe.de\/wp-content\/uploads\/2016\/12\/wohnkueche9Z1A7583_web01.jpg\" data-orig-size=\"1439,983\" data-comments-opened=\"0\" data-image-meta=\"{&quot;aperture&quot;:&quot;2.8&quot;,&quot;credit&quot;:&quot;&quot;,&quot;camera&quot;:&quot;Canon EOS 5D Mark III&quot;,&quot;caption&quot;:&quot;&quot;,&quot;created_timestamp&quot;:&quot;1453894181&quot;,&quot;copyright&quot;:&quot;&quot;,&quot;focal_length&quot;:&quot;16&quot;,&quot;iso&quot;:&quot;200&quot;,&quot;shutter_speed&quot;:&quot;0.033333333333333&quot;,&quot;title&quot;:&quot;&quot;,&quot;orientation&quot;:&quot;1&quot;}\" data-image-title=\"wohnkueche9z1a7583_web01\" data-image-description=\"\" data-image-caption=\"\" data-medium-file=\"http:\/\/planungsbuero.birgitmathe.de\/wp-content\/uploads\/2016\/12\/wohnkueche9Z1A7583_web01-300x205.jpg\" data-large-file=\"http:\/\/planungsbuero.birgitmathe.de\/wp-content\/uploads\/2016\/12\/wohnkueche9Z1A7583_web01.jpg\" src=\"http:\/\/web.birgitmathe.de\/wp-content\/uploads\/2016\/12\/wohnkueche9Z1A7583_web01.jpg\" width=\"1439\" height=\"983\" class=\"alignnone size-full wp-image-230\" srcset=\"http:\/\/planungsbuero.birgitmathe.de\/wp-content\/uploads\/2016\/12\/wohnkueche9Z1A7583_web01.jpg 1439w, http:\/\/planungsbuero.birgitmathe.de\/wp-content\/uploads\/2016\/12\/wohnkueche9Z1A7583_web01-300x205.jpg 300w, http:\/\/planungsbuero.birgitmathe.de\/wp-content\/uploads\/2016\/12\/wohnkueche9Z1A7583_web01-768x525.jpg 768w\" sizes=\"auto, (max-width: 1439px) 100vw, 1439px\" \/><\/a>Neue Wohnk\u00fcche mit Raumteiler in Michelstadt<\/p>\n<p>\u00a0<\/p>\n<\/p><\/div>\n<\/p><\/div>\n<div class=\"builder-text-column builder-text-column-2\" id=\"builder-section-1480608047126-column-2\">\n<div class=\"builder-text-content\">\n\t\t\t\t\t\t\t\t\t\t\t<\/div>\n<\/p><\/div>\n<div class=\"builder-text-column builder-text-column-3\" id=\"builder-section-1480608047126-column-3\">\n<div class=\"builder-text-content\">\n\t\t\t\t\t\t\t\t\t\t\t<\/div>\n<\/p><\/div>\n<\/p><\/div>\n<\/p><\/div>\n<\/section>\n<section id=\"builder-section-1493930122834\" class=\"builder-section-prev-text builder-section builder-section-text builder-section-next-text builder-text-columns-3\" style=\"background-repeat: repeat;background-position: center center;\">\n<div class=\"builder-section-content\">\n<div class=\"builder-text-row\">\n<div class=\"builder-text-column builder-text-column-1\" id=\"builder-section-1493930122834-column-1\">\n<div class=\"builder-text-content\">\n<p><a href=\"http:\/\/web.birgitmathe.de\/?page_id=253\"><img loading=\"lazy\" decoding=\"async\" data-attachment-id=\"246\" data-permalink=\"http:\/\/planungsbuero.birgitmathe.de\/?attachment_id=246\" data-orig-file=\"http:\/\/planungsbuero.birgitmathe.de\/wp-content\/uploads\/2017\/05\/weinkeller_05.jpg\" data-orig-size=\"1200,800\" data-comments-opened=\"0\" data-image-meta=\"{&quot;aperture&quot;:&quot;0&quot;,&quot;credit&quot;:&quot;&quot;,&quot;camera&quot;:&quot;&quot;,&quot;caption&quot;:&quot;&quot;,&quot;created_timestamp&quot;:&quot;0&quot;,&quot;copyright&quot;:&quot;&quot;,&quot;focal_length&quot;:&quot;0&quot;,&quot;iso&quot;:&quot;0&quot;,&quot;shutter_speed&quot;:&quot;0&quot;,&quot;title&quot;:&quot;&quot;,&quot;orientation&quot;:&quot;0&quot;}\" data-image-title=\"weinkeller_05\" data-image-description=\"\" data-image-caption=\"\" data-medium-file=\"http:\/\/planungsbuero.birgitmathe.de\/wp-content\/uploads\/2017\/05\/weinkeller_05-300x200.jpg\" data-large-file=\"http:\/\/planungsbuero.birgitmathe.de\/wp-content\/uploads\/2017\/05\/weinkeller_05.jpg\" class=\"alignnone wp-image-246 size-full\" src=\"http:\/\/web.birgitmathe.de\/wp-content\/uploads\/2017\/05\/weinkeller_05.jpg\" alt=\"\" width=\"1200\" height=\"800\" srcset=\"http:\/\/planungsbuero.birgitmathe.de\/wp-content\/uploads\/2017\/05\/weinkeller_05.jpg 1200w, http:\/\/planungsbuero.birgitmathe.de\/wp-content\/uploads\/2017\/05\/weinkeller_05-300x200.jpg 300w, http:\/\/planungsbuero.birgitmathe.de\/wp-content\/uploads\/2017\/05\/weinkeller_05-768x512.jpg 768w\" sizes=\"auto, (max-width: 1200px) 100vw, 1200px\" \/><\/a>Edler Weinkeller in W\u00f6rth\/M.<\/p>\n<\/p><\/div>\n<\/p><\/div>\n<div class=\"builder-text-column builder-text-column-2\" id=\"builder-section-1493930122834-column-2\">\n<div class=\"builder-text-content\">\n\t\t\t\t\t\t\t\t\t\t\t<\/div>\n<\/p><\/div>\n<div class=\"builder-text-column builder-text-column-3\" id=\"builder-section-1493930122834-column-3\">\n<div class=\"builder-text-content\">\n\t\t\t\t\t\t\t\t\t\t\t<\/div>\n<\/p><\/div>\n<\/p><\/div>\n<\/p><\/div>\n<\/section>\n<section id=\"builder-section-text_509\" class=\"builder-section-prev-text builder-section builder-section-text builder-section-next-text builder-text-columns-2\" style=\"background-size: cover; background-repeat: no-repeat;background-position: center center;\">\n<h3 class=\"builder-text-section-title\">\n        Meine Projekte    <\/h3>\n<div class=\"builder-section-content\">\n<div class=\"builder-text-row\">\n<div class=\"builder-text-column builder-text-column-1\" id=\"builder-section-text_509-column-1\">\n<div class=\"builder-text-content\">\n<p><strong>Projekte 2023<\/strong><\/p>\n<ul>\n<li>\u201eHeimat\u201c Das neu gestaltete Wohnhaus. Raum f\u00fcr Raum geplant und gestaltet. Reduzierte Materialien gezielt eingesetzt kombiniert mit detaillierter M\u00f6belplanung. Alles abgestimmt auf die Bed\u00fcrfnisse und W\u00fcnsche. Ein neuer Lebensmittelpunkt f\u00fcr eine heimatverbundene Familie in M\u00fcmling-Crumbach.<\/li>\n<li>\u201eSanierung\u201c in Dreieich, ein Bad erstrahlt in neuem Glanz.<\/li>\n<li>\u201eHoch hinaus\u201c, eine Genossenschaft bezieht ihre neuen R\u00e4ume \u00fcber den D\u00e4chern von Erbach. Die Innenraum- und M\u00f6belgestaltung, puristisch und nachhaltig, greift die au\u00dfergew\u00f6hnliche Architektur auf und spiegelt das Motto des Unternehmens wider.<\/li>\n<li>\u201eSehnsucht Afrika\u201c. Die ma\u00dfgeschneiderte M\u00f6blierung und eine mit den Bewohnern abgestimmte individuelle Farbgebung verleihen der Wohnung mit Blick \u00fcber Michelstadt, einen einzigartigen Charakter mit gem\u00fctlichem Ambiente.<\/li>\n<li>\u201eZwergenland\u201c Die Kita in Seckmauern f\u00fcllt sich mit Leben. Fertigstellung der M\u00f6blierung und Einzug der Kinderherzen.<\/li>\n<li>\u201eUmzug\u201c aussortiert, umgeplant und erg\u00e4nzt. Eine Wohnung in Michelstadt zieht um.<\/li>\n<li>\u201eHerzlich Willkommen\u201c ein Wohnhaus in Fr\u00e4nkisch-Grumbach begr\u00fc\u00dft mit einem neuen Eingangsbereich.<\/li>\n<li>\u201eGenerationswechsel\u201c in Wald-Michelbach. Durchbruch mit Blick ins Gr\u00fcne, \u00e4ndern und umbauen. Die Wohnung erh\u00e4lt einen neuen Charakter.<\/li>\n<li>\u201eWandel\u201c der Partyraum in Erbach wird liebevoll ver\u00e4ndert. Ein Ort zum Abschalten, entspannen und wohlf\u00fchlen.<\/li>\n<li>\u201eZwischenstopp\u201c Planung der Inneneinrichtung f\u00fcr Kita Container in Darmstadt.<\/li>\n<li>\u201eDetail Planung\u201c. Wohnprojekt Holzapfel. M\u00f6belplanung f\u00fcrs neue zu Hause. Neben den Gemeinschaftsfl\u00e4chen werden individuelle Wohnr\u00e4ume geschaffen.<\/li>\n<li>\u201eaufgeh\u00fcbscht\u201c eine Frauenarztpraxis in Michelstadt bekommt einen neuen Boden.<\/li>\n<li>\u201eVer\u00e4nderung\u201c die Dachgeschossm\u00f6blierung in Haingrund passt sich den ge\u00e4nderten Bed\u00fcrfnissen an.<\/li>\n<li>\u201eUmstrukturierung\u201c Entwurf f\u00fcr die Neugestaltung von Erdgeschossr\u00e4umen eine Odenw\u00e4lder Gemeinde.<\/li>\n<li>\u201emit Stufen verbunden\u201c Wohnraum neu gedacht in Reichelsheim. Der Durchbruch mit der Treppe integriert das Erdgeschoss und bringt neue Gro\u00dfz\u00fcgigkeit in die Wohnr\u00e4ume.<\/li>\n<\/ul><\/div>\n<\/p><\/div>\n<div class=\"builder-text-column builder-text-column-2\" id=\"builder-section-text_509-column-2\">\n<div class=\"builder-text-content\">\n\t\t\t\t\t\t\t\t\t\t\t<\/div>\n<\/p><\/div>\n<\/p><\/div>\n<\/p><\/div>\n<\/section>\n<section id=\"builder-section-text_463\" class=\"builder-section-prev-text builder-section builder-section-text builder-section-next-text builder-text-columns-2\" style=\"background-size: cover; background-repeat: no-repeat;background-position: center center;\">\n<div class=\"builder-section-content\">\n<div class=\"builder-text-row\">\n<div class=\"builder-text-column builder-text-column-1\" id=\"builder-section-text_463-column-1\">\n<div class=\"builder-text-content\">\n<p><strong>Projekte 2022<\/strong><\/p>\n<ul>\n<li>Holzapfel-Wohnprojekt in Gro\u00df-Umstadt<br \/>Planungsarbeiten Wohn-, Gemeinschaftsr\u00e4ume und Fassade &#8211; Gemeinschaftlich, Generations\u00fcbergreifend, Ohne Barrieren<\/li>\n<li>\u00c4rztezentrum Bad K\u00f6nig die neue Au\u00dfenstelle bekommt neue Sprechzimmer<\/li>\n<li>Wohnen mit Blick \u00fcber Michelstadt, neuer Glanz in alten Mauern, Innenausbau<\/li>\n<li>&#8222;Lebensraum f\u00fcr Kinder&#8220;<br \/>Gl\u00fcckszauber\u201c Fertigstellung der Kita-M\u00f6blierung mit Einweihung im Sommer<\/li>\n<li>Reduktion auf das Wesentliche, M\u00f6belplanung f\u00fcr ein neues Zuhause in Eberstadt<\/li>\n<li>M\u00f6blierung f\u00fcr eine neue Hausarzt Praxis in Oberzent<\/li>\n<li>&#8222;Ein neues Nest&#8220; <br \/>Wohnk\u00fcche unterm Dach f\u00fcr ein junges Paar aus Haisterbach<\/li>\n<li>&#8222;Detailarbeit&#8220; <br \/>Wohnhaus auf dem Berg in M\u00fcmling Grumbach<\/li>\n<li>&#8222;Ver\u00e4nderung&#8220;<br \/>Zahnlabor in Michelstadt wird aufgeh\u00fcbscht<\/li>\n<li>&#8222;Herzangelegenheit&#8220;<br \/>\u201eKita Zwergenland\u201c Planungsarbeiten und Objektbetreuung<\/li>\n<li>Loft Wohnung in Hirschhorn, <br \/>Planungsarbeiten f\u00fcr das neue Dachgeschoss<\/li>\n<li>Auf der R\u00f6der, Stauraum f\u00fcr eine neue Wohnung in Erbach<\/li>\n<li>Es wird behaglich, Entwurf f\u00fcr eine Unternehmensberatung in Frankfurt\u00a0\u00a0\u00a0\u00a0\u00a0<\/li>\n<\/ul><\/div>\n<\/p><\/div>\n<div class=\"builder-text-column builder-text-column-2\" id=\"builder-section-text_463-column-2\">\n<div class=\"builder-text-content\">\n\t\t\t\t\t\t\t\t\t\t\t<\/div>\n<\/p><\/div>\n<\/p><\/div>\n<\/p><\/div>\n<\/section>\n<section id=\"builder-section-text_438\" class=\"builder-section-prev-text builder-section builder-section-text builder-section-next-text builder-text-columns-2\" style=\"background-size: cover; background-repeat: no-repeat;background-position: center center;\">\n<div class=\"builder-section-content\">\n<div class=\"builder-text-row\">\n<div class=\"builder-text-column builder-text-column-1\" id=\"builder-section-text_438-column-1\">\n<div class=\"builder-text-content\">\n<p><strong>Projekte 2021<\/strong><\/p>\n<ul>\n<li>\u201eWeitblick\u201c, Innenausbau eines Pavillons in Michelstadt<\/li>\n<li>\u201eLebensraum f\u00fcr Kinder\u201c Entwurf der M\u00f6blierung f\u00fcr die Kita in Wald-Michelbach<\/li>\n<li>Wohnhaus am Scheuerberg in Erbach, Planungsarbeiten und Projektbetreuung<\/li>\n<li>\u201eGenerationswechsel\u201c, das Erdgeschoss in Haisterbach bekommt ein neues Gesicht<\/li>\n<li>\u201eTeam Arbeit\u201c, Entwurf der M\u00f6blierung f\u00fcr die Kita Zwergenland in L\u00fctzelbach-Seckmauern<\/li>\n<li>\u201eLebensraum Erweiterung\u201c vom Keller zum Wohnraum, Einfamilienhaus in Michelstadt<\/li>\n<li>Ein \u201eNeues zu Hause\u201c, Planung und M\u00f6blierung einer Dach Wohnung in Darmstadt<\/li>\n<li>\u201eMit Blick ins Gr\u00fcne\u201c neue M\u00f6bel f\u00fcr eine Dachwohnung in G\u00fcnterf\u00fcrst<\/li>\n<li>\u201eAus Gro\u00df mach Klein\u201c, M\u00f6blierung einer Wohnung in Hammelbach<\/li>\n<li>\u201eVer\u00e4nderung\u201c, Planungsarbeiten f\u00fcr ein Zweifamilienhaus in Oberzent<\/li>\n<li>Aus \u201ealt mach neu\u201c Fertigstellung der M\u00f6blierung der Rimbacher Kita<\/li>\n<li>Zum \u201eWeitblick\u201c kommt der \u201eAusblick\u201c Planung f\u00fcr einen Wohnraum in Michelstadt<\/li>\n<li>Ein \u201eNeues Zuhause\u201c, Umplanung und M\u00f6blierung einer Wohnung in Dreieich-Sprendlingen<\/li>\n<\/ul><\/div>\n<\/p><\/div>\n<div class=\"builder-text-column builder-text-column-2\" id=\"builder-section-text_438-column-2\">\n<div class=\"builder-text-content\">\n\t\t\t\t\t\t\t\t\t\t\t<\/div>\n<\/p><\/div>\n<\/p><\/div>\n<\/p><\/div>\n<\/section>\n<section id=\"builder-section-text_372\" class=\"builder-section-prev-text builder-section builder-section-text builder-section-next-text builder-text-columns-2\" style=\"background-size: cover; background-repeat: no-repeat;background-position: center center;\">\n<div class=\"builder-section-content\">\n<div class=\"builder-text-row\">\n<div class=\"builder-text-column builder-text-column-1\" id=\"builder-section-text_372-column-1\">\n<div class=\"builder-text-content\">\n<p><strong>Projektliste 2020<\/strong><\/p>\n<ul>\n<li>5 Sterne f\u00fcr\u00b4s Adlerlodge, Fertigstellung Boardinghouse in Michelstadt<\/li>\n<li>Wellness, Badumbau in Gro\u00df-Umstadt<\/li>\n<li>Abschied mit W\u00fcrde \u2013 Bestattungshaus in Bad K\u00f6nig<\/li>\n<li>Feuerwehr \u201eRetter in der Not\u201c, neu Gestaltung Treffpunkt und Schulungsraum<\/li>\n<li>Planungsarbeiten M\u00f6blierung der Kita Rimbach, Fahrenbachstrasse<\/li>\n<li>September Einweihung der ev. Kindertagesst\u00e4tte Schaafheim, M\u00f6blierung und Gestaltung<\/li>\n<li>Planungsarbeiten M\u00f6blierung neues Wohnhaus, Am Kirschenhang in Darmstadt<\/li>\n<li>Planungsarbeiten Wohnhaus am Scheuerberg in Erbach<\/li>\n<li>\u201eRaum f\u00fcr Ideen\u201c Planungsb\u00fcro einer Schreinerei<\/li>\n<li>M\u00f6bel f\u00fcr`s Arbeitszimmer in Langen<\/li>\n<li>Wohnen, Essen, Wohlf\u00fchlen \u2013 neue Wohn-K\u00fcche f\u00fcr eine Erbacher Familie<\/li>\n<li>\u201eUmzug in den eigenen vier W\u00e4nden\u201c Neu Gestaltung Erdgeschoss, Planungsarbeiten Wohnhaus in Haisterbach<\/li>\n<li>Fassadenrenovierung S\u00fcdseite eines denkmalgesch\u00fctzten Geb\u00e4udes im Erbacher St\u00e4dtel<\/li>\n<li>Ein-Raum-Wohnung in Michelstadt<\/li>\n<li>P\u00e4dagogische Akademie in Darmstadt, Planungsarbeiten B\u00fcro Etagen<\/li>\n<\/ul><\/div>\n<\/p><\/div>\n<div class=\"builder-text-column builder-text-column-2\" id=\"builder-section-text_372-column-2\">\n<div class=\"builder-text-content\">\n\t\t\t\t\t\t\t\t\t\t\t<\/div>\n<\/p><\/div>\n<\/p><\/div>\n<\/p><\/div>\n<\/section>\n<section id=\"builder-section-text_300\" class=\"builder-section-prev-text builder-section builder-section-text builder-section-next-text builder-text-columns-2\" style=\"background-size: cover; background-repeat: no-repeat;background-position: center center;\">\n<div class=\"builder-section-content\">\n<div class=\"builder-text-row\">\n<div class=\"builder-text-column builder-text-column-1\" id=\"builder-section-text_300-column-1\">\n<div class=\"builder-text-content\">\n<p><strong>Projektliste 2019<\/strong><\/p>\n<ul>\n<li>Sonnendeck Henschel Michelstadt<\/li>\n<li>Schwellenloser Badumbau in Steinbach<\/li>\n<li>Wohnungseinrichtung Bad K\u00f6nig, aus GROSS MACH KLEIN<\/li>\n<li>Terrassendeck, M\u00f6blierung Wintergarten in Reichelsheim<\/li>\n<li>Wohnhaus in Michelstadt, Multifunktionsraum<\/li>\n<li>Frenger Systemen BV Heiz- und K\u00fchldecken, Messestand ISH<\/li>\n<li>Aus ALT MACH NEU, denkmalgesch\u00fctztes Geb\u00e4ude in Michelstadt<\/li>\n<li>Ausstellungsk\u00fcche in M\u00fcnchen<\/li>\n<li>Denkmal trifft Moderne, Renovierung und M\u00f6blierung einer Wohnung in Gro\u00df-Umstadt am Marktplatz<\/li>\n<li>Wohnraumgestaltung in Rossdorf<\/li>\n<li>M\u00f6blierung und Gestaltung B\u00fcrokantine in Michelstadt<\/li>\n<li>\u201eHerzlich Willkommen\u201c Hauseingang mit Treppe in Michelstadt<\/li>\n<li>Schwalbach im Taunus, Wohnraumerweiterung<\/li>\n<\/ul><\/div>\n<\/p><\/div>\n<div class=\"builder-text-column builder-text-column-2\" id=\"builder-section-text_300-column-2\">\n<div class=\"builder-text-content\">\n\t\t\t\t\t\t\t\t\t\t\t<\/div>\n<\/p><\/div>\n<\/p><\/div>\n<\/p><\/div>\n<\/section>\n<section id=\"builder-section-text_280\" class=\"builder-section-prev-text builder-section builder-section-text builder-section-next-text builder-text-columns-2\" style=\"background-size: cover; background-repeat: no-repeat;background-position: center center;\">\n<div class=\"builder-section-content\">\n<div class=\"builder-text-row\">\n<div class=\"builder-text-column builder-text-column-1\" id=\"builder-section-text_280-column-1\">\n<div class=\"builder-text-content\">\n<p><strong>Projektliste 2018<\/strong><\/p>\n<ul>\n<li>Herzlich Willkommen, M\u00f6blierung Empfangsbereich f\u00fcr ein Firmengeb\u00e4ude in Dieburg<\/li>\n<li>Arbeiten in neuem Ambiente, Gestaltung und M\u00f6blierung der B\u00fcror\u00e4ume einer Michelst\u00e4dter Schreinerei<\/li>\n<li>Erweiterung \u00c4rztezentrum Bad K\u00f6nig<\/li>\n<li>Aus ALT MACH NEU, denkmalgesch\u00fctztes Geb\u00e4ude in Michelstadt<\/li>\n<li>Gestaltung \u201eRaum der Stille\u201c, Hospiz in Erbach<\/li>\n<li>Lino und Eiche, Privatr\u00e4ume in Bad K\u00f6nig<\/li>\n<li>Denkmalgesch\u00fctzten Geb\u00e4ude im St\u00e4del in Erbach, Gestaltung, Planung und M\u00f6blierung<\/li>\n<li>Schwarzes Fenix trifft Eiche, Neubau einer Wohnk\u00fcche in Mosbach<\/li>\n<li>Denkmal trifft Moderne, Renovierung und M\u00f6blierung einer Wohnung in Gro\u00df-Umstadt am Marktplatz<\/li>\n<li>Leben und Arbeiten, M\u00f6blierung einer Erdgeschosswohnung in Michelstadt<\/li>\n<li>Anbau an ein Wohnhaus in Langen Brombach<\/li>\n<li>M\u00f6blierung Privathaus in Haingrund<\/li>\n<li>Wintergarten mit Freisitz in Reichelsheim, M\u00f6blierung und Gestaltung<\/li>\n<li>Frankfurt Sachsenhausen, Planung Wohn Bad<\/li>\n<\/ul><\/div>\n<\/p><\/div>\n<div class=\"builder-text-column builder-text-column-2\" id=\"builder-section-text_280-column-2\">\n<div class=\"builder-text-content\">\n\t\t\t\t\t\t\t\t\t\t\t<\/div>\n<\/p><\/div>\n<\/p><\/div>\n<\/p><\/div>\n<\/section>\n<section id=\"builder-section-text_194\" class=\"builder-section-prev-text builder-section builder-section-text builder-section-next-text builder-text-columns-2\" style=\"background-size: cover; background-repeat: no-repeat;background-position: center center;\">\n<div class=\"builder-section-content\">\n<div class=\"builder-text-row\">\n<div class=\"builder-text-column builder-text-column-1\" id=\"builder-section-text_194-column-1\">\n<div class=\"builder-text-content\">\n<p><strong>Projekte 2017<\/strong><\/p>\n<ul>\n<li>KITA am \u00d6lg\u00e4rtchen in Rimbach<br \/>Entwurf und Detailplanung M\u00f6blierung<br \/>Innenausbau mit Beleuchtungs- und Sanit\u00e4rplanung<\/li>\n<li>Wohnhausm\u00f6blierung in M\u00f6rfelden Walldorf<\/li>\n<li>Pausenr\u00e4ume f\u00fcr ein Industriegeb\u00e4ude in Michelstadt<\/li>\n<li>Flurm\u00f6blierung aus dunkler Esche in Michelstadt<\/li>\n<li>Wohnhausm\u00f6blierung in Michelstadt \u00fcber 2 Etagen<\/li>\n<li>Badausbau in Brombachtal Vollkern trifft Eiche<\/li>\n<li>Wohnhausm\u00f6blierung in Bad K\u00f6nig<\/li>\n<li>Neue K\u00fcche in Erbach &#8211; Kochinsel ersetzt Wand<\/li>\n<li>Balkonsanierung und Einbaum\u00f6bel in Haingrund<\/li>\n<li>M\u00f6blierung f\u00fcr B\u00fcrogeb\u00e4ude in Michelstadt<\/li>\n<li>Badmodernisierung in Erbach<\/li>\n<li>Wohnprojekt in Gro\u00df-Umstadt<br \/>Anpassung Grundrisse an W\u00fcnsche der Bauherrengemeinschaft<\/li>\n<\/ul><\/div>\n<\/p><\/div>\n<div class=\"builder-text-column builder-text-column-2\" id=\"builder-section-text_194-column-2\">\n<div class=\"builder-text-content\">\n\t\t\t\t\t\t\t\t\t\t\t<\/div>\n<\/p><\/div>\n<\/p><\/div>\n<\/p><\/div>\n<\/section>\n<section id=\"builder-section-1478276230301\" class=\"builder-section-prev-text builder-section builder-section-text builder-section-next-text builder-text-columns-2\" style=\"background-repeat: repeat;background-position: center center;\">\n<div class=\"builder-section-content\">\n<div class=\"builder-text-row\">\n<div class=\"builder-text-column builder-text-column-1\" id=\"builder-section-1478276230301-column-1\">\n<div class=\"builder-text-content\">\n<p><strong>Projekte 2016<\/strong><\/p>\n<ul>\n<li>Wohnk\u00fcche unter Verwendung von Eichenholz in Weiten-Ges\u00e4\u00df<\/li>\n<li>Dachausbau in Haingrund<\/li>\n<li>Weinkeller in W\u00f6rth am Main<\/li>\n<li>K\u00fcche mit Porzellankeramik in Erbach<\/li>\n<li>Lichtplanung eines neuen Zugangs zum Wohnhaus in Langen-Brombach<\/li>\n<li>Ausbau eines Feriendomizils in Boxbrunn<\/li>\n<li>Umgestaltung eines Wohnraumes in G\u00fcnterf\u00fcrst<\/li>\n<li>Neugestaltung eines Schulungsraumes in einem B\u00fcrogeb\u00e4ude in Michelstadt<\/li>\n<li>Bibliothek in Bad K\u00f6nig<\/li>\n<li>Badumbau mit Porzellankeramik und Nussbaumholz in Michelstadt<\/li>\n<li>Schlafzimmer-M\u00f6blierung in Frankfurt\/M.<\/li>\n<li>Terrassen Umgestaltung in Haingrund<\/li>\n<\/ul><\/div>\n<\/p><\/div>\n<div class=\"builder-text-column builder-text-column-2\" id=\"builder-section-1478276230301-column-2\">\n<div class=\"builder-text-content\">\n\t\t\t\t\t\t\t\t\t\t\t<\/div>\n<\/p><\/div>\n<\/p><\/div>\n<\/p><\/div>\n<\/section>\n<section id=\"builder-section-1451516872133\" class=\"builder-section-prev-text builder-section builder-section-text builder-section-last builder-text-columns-2\" style=\"background-repeat: repeat;background-position: center center;\">\n<div class=\"builder-section-content\">\n<div class=\"builder-text-row\">\n<div class=\"builder-text-column builder-text-column-1\" id=\"builder-section-1451516872133-column-1\">\n<div class=\"builder-text-content\">\n<p><strong>Projekte 2015<\/strong><\/p>\n<ul>\n<li>neues Bad mit Blick ins Gr\u00fcn in G\u00fcttersbach<\/li>\n<li>K\u00fcchenplanung in Erbach<\/li>\n<li>Wohnraumerweiterung in Ebersbach<\/li>\n<li>Badmodernisierung und B\u00fcrom\u00f6blierung in Dreieichenhain<\/li>\n<li>Gestaltung Wohnresidenz in Bad K\u00f6nig<\/li>\n<li>Wohnzimmerm\u00f6blierung in Reichelsheim<\/li>\n<li>Grundst\u00fccksbegrenzung mit Schiebetoranlage und Wandgestaltung<\/li>\n<li>Erg\u00e4nzungen B\u00fcrom\u00f6blierung in Michelstadt<\/li>\n<li>M\u00f6blierung eines Wohnhauses in Langen<\/li>\n<\/ul><\/div>\n<\/p><\/div>\n<div class=\"builder-text-column builder-text-column-2\" id=\"builder-section-1451516872133-column-2\">\n<div class=\"builder-text-content\">\n\t\t\t\t\t\t\t\t\t\t\t<\/div>\n<\/p><\/div>\n<\/p><\/div>\n<\/p><\/div>\n<\/section>\n","protected":false},"excerpt":{"rendered":"<p>Projekte Wohnhaus mit Blick \u00fcber Michelstadt. Erweiterung und Neugestaltung der Privatr\u00e4ume. KiTa in Seckmauern Boarding House &#8222;Adlerlodge&#8220;, Michelstadt KiTa in Wald-Michelbach KiTa in Schaafheim Boarding House &#8222;ZEITHaus&#8220;, Gro\u00df-Umstadt KiGa in Rimbach Kindertagesst\u00e4tte &#8222;Fuchsbau&#8220;, Offenbach Kindertagesst\u00e4tte &#8222;Waldh\u00fctte&#8220;, Offenbach Boarding House &#8222;Adlerhorst&#8220;, Michelstadt Badumbau mit Stauraum in der Wandverkleidung \u00a0 Neues f\u00fcr die K\u00fcche in Michelstadt \u00a0 &hellip;<\/p>\n","protected":false},"author":1,"featured_media":0,"parent":0,"menu_order":0,"comment_status":"closed","ping_status":"closed","template":"template-builder.php","meta":{"jetpack_post_was_ever_published":false,"footnotes":""},"class_list":["post-10","page","type-page","status-publish","hentry"],"jetpack_shortlink":"https:\/\/wp.me\/P6MdFa-a","jetpack_sharing_enabled":true,"_links":{"self":[{"href":"http:\/\/planungsbuero.birgitmathe.de\/index.php?rest_route=\/wp\/v2\/pages\/10","targetHints":{"allow":["GET"]}}],"collection":[{"href":"http:\/\/planungsbuero.birgitmathe.de\/index.php?rest_route=\/wp\/v2\/pages"}],"about":[{"href":"http:\/\/planungsbuero.birgitmathe.de\/index.php?rest_route=\/wp\/v2\/types\/page"}],"author":[{"embeddable":true,"href":"http:\/\/planungsbuero.birgitmathe.de\/index.php?rest_route=\/wp\/v2\/users\/1"}],"replies":[{"embeddable":true,"href":"http:\/\/planungsbuero.birgitmathe.de\/index.php?rest_route=%2Fwp%2Fv2%2Fcomments&post=10"}],"version-history":[{"count":88,"href":"http:\/\/planungsbuero.birgitmathe.de\/index.php?rest_route=\/wp\/v2\/pages\/10\/revisions"}],"predecessor-version":[{"id":746,"href":"http:\/\/planungsbuero.birgitmathe.de\/index.php?rest_route=\/wp\/v2\/pages\/10\/revisions\/746"}],"wp:attachment":[{"href":"http:\/\/planungsbuero.birgitmathe.de\/index.php?rest_route=%2Fwp%2Fv2%2Fmedia&parent=10"}],"curies":[{"name":"wp","href":"https:\/\/api.w.org\/{rel}","templated":true}]}}